{"id":154,"date":"2015-05-12T12:57:41","date_gmt":"2015-05-12T12:57:41","guid":{"rendered":"http:\/\/malisprojekte.web.th-koeln.de\/wordpress\/?page_id=154"},"modified":"2025-08-06T08:05:39","modified_gmt":"2025-08-06T08:05:39","slug":"impressum","status":"publish","type":"page","link":"https:\/\/malisprojekte.web.th-koeln.de\/wordpress\/impressum\/","title":{"rendered":"Impressum"},"content":{"rendered":"<p style=\"text-align: justify;\">Der &#8222;MALIS-Projekte-Blog&#8220; ist ein Projekt des Studiengangs &#8222;Bibliotheks- und Informationswissenschaft \/ MALIS (Master in Library and Information Science)&#8220; des Instituts f\u00fcr Informationswissenschaft der TH K\u00f6ln.<\/p>\n<p><strong>Verantwortlich<\/strong><br \/>\nProf. Dr. Inka Tappenbeck<br \/>\nTH K\u00f6ln<br \/>\nPostanschrift:<br \/>\nGustav-Heinemann-Ufer 54<br \/>\n50968 K\u00f6ln<br \/>\nHausanschrift:<br \/>\nClaudiusstr. 1<br \/>\n50678 K\u00f6ln<br \/>\nTel. 0221-8275-3375<br \/>\ninka.tappenbeck@th-koeln.de<\/p>\n<p><strong>Redaktion und Layout<\/strong><br \/>\nDr. Christian Seitz<\/p>\n<p>Die TH K\u00f6ln ist eine K\u00f6rperschaft des \u00d6ffentlichen Rechts. Sie wird durch den Pr\u00e4sidenten gesetzlich vertreten.<\/p>\n<p><em>Zust\u00e4ndige Aufsichtsbeh\u00f6rde<\/em><br \/>\nMinisterium f\u00fcr Innovation, Wissenschaft und Forschung des Landes Nordrhein-Westfalen<br \/>\nV\u00f6lklinger Str. 49<br \/>\n40221 D\u00fcsseldorf<br \/>\nTel. +49 211-896-04<br \/>\nFax: +49 211-896-4555<br \/>\nPoststelle@miwf.nrw.de<\/p>\n<p style=\"text-align: justify;\"><strong>Urheber- und Kennzeichenrecht<\/strong><\/p>\n<p>F\u00fcr die Blogartikel der Autor*innen gelten die urheberrechtlichen Bestimmungen. Ab dem Wintersemester 2025\/26 \u00a0werden Blogartikel unter einer Creative Commons-Lizenz ver\u00f6ffentlicht (mehr zu CC-Lizenzen unter: <a href=\"https:\/\/de.creativecommons.net\/start\/\">https:\/\/de.creativecommons.net\/start\/<\/a> ).<\/p>\n<p>Ziel der Verwendung von CC-Lizenzen ist es, eine klare und transparente Nutzung der Inhalte zu erm\u00f6glichen. Damit k\u00f6nnen die Urheber*innen ihre Werke gezielt und in unterschiedlichen Stufen zur Nutzung freigeben k\u00f6nnen.<\/p>\n<p>Die genauen Lizenzbedingungen der jeweiligen Creative-Commons-Lizenz, wie\u00a0 z. B. Namensnennung oder Einschr\u00e4nkungen der kommerziellen Nutzung, werden bei den betreffenden Inhalten ausgewiesen.<\/p>\n<p style=\"text-align: justify;\">Ver\u00f6ffentlichungen ohne Creative Commons-Lizenz sind urheberrechtlich gesch\u00fctzt und d\u00fcrfen ohne die Zustimmung der Autor*innen grunds\u00e4tzlich nicht genutzt werden. Diese Ver\u00f6ffentlichungen \u00a0unterliegen nicht den Bedingungen einer Creative Commons-Lizenz.<\/p>\n<p><strong>Datenschutz<\/strong><\/p>\n<p style=\"text-align: justify;\">Sofern innerhalb des Internetangebots die M\u00f6glichkeit zur Eingabe pers\u00f6nlicher oder gesch\u00e4ftlicher Daten (Emailadressen, Namen, Anschriften) besteht, so erfolgt die Preisgabe dieser Daten seitens des Nutzers auf ausdr\u00fccklich freiwilliger Basis.<\/p>\n<p style=\"text-align: justify;\">Als K\u00f6rperschaft des \u00f6ffentlichen Rechts beachtet die TH K\u00f6ln die gesetzlichen Bestimmungen des Datenschutzes. Sie unterliegt ma\u00dfgeblich dem Anwendungsbereich des Datenschutzgesetzes \u00a0Nordrhein-Westfalen (DSG NRW), dem Bundesdatenschutzgesetz (BDSG) und der Datenschutzgrundverordnung (DSGVO). In keinem Fall werden Daten, die \u00fcber diese Website entstehen, verkauft, an Dritte \u00fcbertragen oder anderweitig ohne Rechtsgrundlage genutzt.<\/p>\n<p style=\"text-align: justify;\">Personenbezogene Daten, die auf diesen Webseiten verarbeitet werden, werden nur zweckgebunden verarbeitet und solange gespeichert, wie sie f\u00fcr die jeweilige Vorgangsbearbeitung bzw. damit zusammenh\u00e4ngende Zwecke ben\u00f6tigt werden. Anschlie\u00dfend werden sie gel\u00f6scht. Abweichungen davon basieren auf einer gesetzlichen Grundlage oder besonderen Nutzungsbedingungen. Sie k\u00f6nnen diesen Verarbeitungen jederzeit widersprechen. Die Rechtsgrundlage der Datenverarbeitung ist Art. 6 Abs. 1 lit. e DS-GVO i.V.m. \u00a7 3 Abs. 1 DSG NRW.<\/p>\n<p>Weitere und allgemeine Informationen enth\u00e4lt die Datenschutzerkl\u00e4rung der Technischen Hochschule K\u00f6ln.<\/p>\n<p>Ferner wird auf den Haftungshinweis der TH K\u00f6ln verwiesen.<\/p>\n<p><a href=\"https:\/\/www.th-koeln.de\/hochschule\/haftungshinweis_8277.php\">Haftungshinweis der TH K\u00f6ln<\/a><\/p>\n<h1 class=\"site-title\"><\/h1>\n","protected":false},"excerpt":{"rendered":"<p>Der &#8222;MALIS-Projekte-Blog&#8220; ist ein Projekt des Studiengangs &#8222;Bibliotheks- und Informationswissenschaft \/ MALIS (Master in Library and Information Science)&#8220; des Instituts f\u00fcr Informationswissenschaft der TH K\u00f6ln. Verantwortlich Prof. Dr. Inka Tappenbeck TH K\u00f6ln Postanschrift: Gustav-Heinemann-Ufer 54 50968 K\u00f6ln Hausanschrift: Claudiusstr. 1 50678 K\u00f6ln Tel. 0221-8275-3375 inka.tappenbeck@th-koeln.de Redaktion und Layout Dr. Christian Seitz Die TH K\u00f6ln ist eine K\u00f6rperschaft des \u00d6ffentlichen Rechts. Sie wird durch den Pr\u00e4sidenten gesetzlich vertreten. Zust\u00e4ndige Aufsichtsbeh\u00f6rde Ministerium f\u00fcr Innovation, Wissenschaft und Forschung des Landes Nordrhein-Westfalen V\u00f6lklinger Str. 49 40221 D\u00fcsseldorf Tel. +49 211-896-04 Fax: +49 211-896-4555 Poststelle@miwf.nrw.de Urheber- und Kennzeichenrecht F\u00fcr die Blogartikel der Autor*innen gelten die urheberrechtlichen Bestimmungen. Ab dem Wintersemester 2025\/26 \u00a0werden Blogartikel unter einer &hellip; <a href=\"https:\/\/malisprojekte.web.th-koeln.de\/wordpress\/impressum\/\" class=\"more-link\"><span class=\"screen-reader-text\">Impressum<\/span> weiterlesen<\/a><\/p>\n","protected":false},"author":1,"featured_media":0,"parent":0,"menu_order":0,"comment_status":"closed","ping_status":"closed","template":"","meta":{"footnotes":""},"class_list":["post-154","page","type-page","status-publish","hentry"],"_links":{"self":[{"href":"https:\/\/malisprojekte.web.th-koeln.de\/wordpress\/wp-json\/wp\/v2\/pages\/154","targetHints":{"allow":["GET"]}}],"collection":[{"href":"https:\/\/malisprojekte.web.th-koeln.de\/wordpress\/wp-json\/wp\/v2\/pages"}],"about":[{"href":"https:\/\/malisprojekte.web.th-koeln.de\/wordpress\/wp-json\/wp\/v2\/types\/page"}],"author":[{"embeddable":true,"href":"https:\/\/malisprojekte.web.th-koeln.de\/wordpress\/wp-json\/wp\/v2\/users\/1"}],"replies":[{"embeddable":true,"href":"https:\/\/malisprojekte.web.th-koeln.de\/wordpress\/wp-json\/wp\/v2\/comments?post=154"}],"version-history":[{"count":13,"href":"https:\/\/malisprojekte.web.th-koeln.de\/wordpress\/wp-json\/wp\/v2\/pages\/154\/revisions"}],"predecessor-version":[{"id":2248,"href":"https:\/\/malisprojekte.web.th-koeln.de\/wordpress\/wp-json\/wp\/v2\/pages\/154\/revisions\/2248"}],"wp:attachment":[{"href":"https:\/\/malisprojekte.web.th-koeln.de\/wordpress\/wp-json\/wp\/v2\/media?parent=154"}],"curies":[{"name":"wp","href":"https:\/\/api.w.org\/{rel}","templated":true}]}}